{"id":423,"date":"2019-03-23T23:45:15","date_gmt":"2019-03-23T22:45:15","guid":{"rendered":"http:\/\/arec.asso.fr\/?page_id=423"},"modified":"2019-03-24T00:02:54","modified_gmt":"2019-03-23T23:02:54","slug":"2019-table-ronde-%e5%9c%86%e6%a1%8c%e4%bc%9a%e8%ae%ae","status":"publish","type":"page","link":"https:\/\/arec.asso.fr\/?page_id=423","title":{"rendered":"2019 Table ronde \u5706\u684c\u4f1a\u8bae"},"content":{"rendered":"\n<p>Suite au colloque international \u00ab Po\u00e9sie et peinture en Chine et en Occident : inspirations crois\u00e9es \u00bb organis\u00e9 par l\u2019Universit\u00e9 d\u2019Artois et Paris-Sorbonne Universit\u00e9, le Centre culturel de Chine \u00e0 Paris organise conjointement avec l\u2019Universit\u00e9 d\u2019Artois, Paris-Sorbonne Universit\u00e9 et L\u2019Association \u00c9tude et enseignement du chinois AREC-France une table ronde intitul\u00e9e : \u00ab Culture et litt\u00e9rature chinoise classique dans une perspective internationale \u00bb.  <\/p>\n\n\n\n<p>Quatre grands professeurs invit\u00e9s issus de quatre universit\u00e9s chinoises, et des sinologues et historiens fran\u00e7ais de l\u2019art traiteront des diff\u00e9rences d\u2019approche de l\u2019esth\u00e9tique po\u00e9tique, litt\u00e9raire et picturale en Chine et en Occident et des sp\u00e9cificit\u00e9s des concepts de culture et d\u2019humanisme qui en d\u00e9coulent ainsi que leur signification dans les pr\u00e9suppos\u00e9s de la connaissance contemporaine \u00e0 travers des probl\u00e9matiques telles qu\u2019interactions entre texte et image. <\/p>\n\n\n\n<p>Cette table ronde aura lieu <strong>samedi 30 mars 2019 \u00e0 16h<\/strong>, au <strong>Centre culturel de Chine \u00e0 Paris, Salle des miroirs du b\u00e2timent ancien<\/strong>. <\/p>\n\n\n\n<h2 class=\"wp-block-heading\" style=\"text-align:center\">\u201c\u56fd\u9645\u89c6\u91ce\u4e2d\u7684\u4e2d\u56fd\u53e4\u4ee3\u6587\u5b66\u4e0e\u6587\u5316\u7814\u7a76\u201d\u5706\u684c\u8ba8\u8bba\u4f1a<\/h2>\n\n\n\n<p>\u4e3a\u63a2\u8ba8\u548c\u4ea4\u6d41\u4e2d\u897f\u65b9\u8bd7\u3001\u4e66\u3001\u753b\u7684\u5ba1\u7f8e\u5f02\u540c\u4f18\u52a3\u53ca\u5176\u6240\u4f53\u73b0\u7684\u4e2d\u897f\u6587\u5316\u89c2\u5ff5\u548c\u4eba\u6587\u7cbe\u795e\u7279\u8d28\u5bf9\u5f53\u4ee3\u7684\u542f\u793a\u610f\u4e49\uff0c\u57282019\u5e743\u670827\u65e5\u81f330\u65e5\uff0c\u6cd5\u56fd\u963f\u5c14\u591a\u74e6\u5927\u5b66\u3001\u5df4\u9ece\u7d22\u90a6\u5927\u5b66\u8054\u5408\u4e3e\u529e\u7684\u201c\u4e2d\u6cd5\u8bd7\u753b\u4f1a\u901a\u7814\u7a76\u2014\u2014\u6587\u5b57\u4e0e\u56fe\u50cf\u7684\u4ea4\u53c9\u542f\u793a\u201d\u56fd\u9645\u5b66\u672f\u7814\u8ba8\u4f1a\u4e4b\u540e\uff0c\u5df4\u9ece\u4e2d\u56fd\u6587\u5316\u4e2d\u5fc3\u5c06\u4e0e\u6cd5\u56fd\u963f\u5c14\u591a\u74e6\u5927\u5b66\u3001\u5df4\u9ece\u7d22\u90a6\u5927\u5b66\u3001\u6cd5\u56fd\u4e2d\u6587\u7814\u7a76\u4e0e\u6559\u80b2\u5b66\u4f1a\u8054\u5408\u4e3e\u529e\u201c\u56fd\u9645\u89c6\u91ce\u4e2d\u7684\u4e2d\u56fd\u53e4\u4ee3\u6587\u5b66\u4e0e\u6587\u5316\u7814\u7a76\u201d\u5ea7\u8c08\u4f1a\uff0c\u9080\u8bf7\u4e86\u4e2d\u56fd4\u6240\u5927\u5b66\u6587\u5b66\u96625\u4f4d\u8457\u540d\u5b66\u8005\u4e0e\u6cd5\u56fd\u5404\u5927\u5b66\u3001\u9ad8\u6821\u7684\u4e2d\u6587\u3001\u6c49\u5b66\u7814\u7a76\u673a\u6784\u7b49\u76f8\u5173\u9886\u57df\u4e13\u5bb6\u5b66\u8005\u53c2\u52a0\u4f1a\u8bae\uff0c\u5171\u540c\u8fdb\u884c\u4f1a\u901a\u7814\u7a76\u548c\u6587\u5316\u63a2\u8ba8\u3002\u5c06\u4e8e<strong>2019\u5e743\u670830\u65e5\u4e0b\u534816\u70b9\u5728\u6587\u5316\u4e2d\u5fc3\u8001\u697c\u955c\u5385\u4e3e\u884c<\/strong>\u3002<\/p>\n\n\n\n<p><a rel=\"noreferrer noopener\" aria-label=\"88 (s\u2019ouvre dans un nouvel onglet)\" href=\"http:\/\/arec.asso.fr\/wp-content\/uploads\/2019\/03\/Culture-et-litt%C3%A9rature-chinoise-classique-dans-une-perspective-internationale-PDF.pdf\" target=\"_blank\">Annonce en PDF<\/a><\/p>\n\n\n\n<figure class=\"wp-block-image\"><img loading=\"lazy\" decoding=\"async\" width=\"724\" height=\"1024\" src=\"http:\/\/arec.asso.fr\/wp-content\/uploads\/2019\/03\/AFFICHE-COLLOQUE-PO\u00c9SIE-V-FR-6-724x1024.png\" alt=\"\" class=\"wp-image-425\" srcset=\"https:\/\/arec.asso.fr\/wp-content\/uploads\/2019\/03\/AFFICHE-COLLOQUE-PO\u00c9SIE-V-FR-6-724x1024.png 724w, https:\/\/arec.asso.fr\/wp-content\/uploads\/2019\/03\/AFFICHE-COLLOQUE-PO\u00c9SIE-V-FR-6-212x300.png 212w, https:\/\/arec.asso.fr\/wp-content\/uploads\/2019\/03\/AFFICHE-COLLOQUE-PO\u00c9SIE-V-FR-6-768x1086.png 768w\" sizes=\"auto, (max-width: 724px) 100vw, 724px\" \/><\/figure>\n\n\n\n<p><\/p>\n","protected":false},"excerpt":{"rendered":"<p>Suite au colloque international \u00ab Po\u00e9sie et peinture en Chine et en Occident : inspirations crois\u00e9es \u00bb organis\u00e9 par l\u2019Universit\u00e9 d\u2019Artois et Paris-Sorbonne Universit\u00e9, le Centre culturel de Chine \u00e0 Paris organise conjointement avec l\u2019Universit\u00e9 d\u2019Artois, Paris-Sorbonne Universit\u00e9 et L\u2019Association \u00c9tude et enseignement du chinois AREC-France une table ronde intitul\u00e9e : \u00ab Culture et litt\u00e9rature&hellip;<\/p>\n","protected":false},"author":1,"featured_media":0,"parent":421,"menu_order":2,"comment_status":"closed","ping_status":"closed","template":"page-templates\/template-full-width.php","meta":{"footnotes":""},"class_list":["post-423","page","type-page","status-publish","hentry"],"_links":{"self":[{"href":"https:\/\/arec.asso.fr\/index.php?rest_route=\/wp\/v2\/pages\/423","targetHints":{"allow":["GET"]}}],"collection":[{"href":"https:\/\/arec.asso.fr\/index.php?rest_route=\/wp\/v2\/pages"}],"about":[{"href":"https:\/\/arec.asso.fr\/index.php?rest_route=\/wp\/v2\/types\/page"}],"author":[{"embeddable":true,"href":"https:\/\/arec.asso.fr\/index.php?rest_route=\/wp\/v2\/users\/1"}],"replies":[{"embeddable":true,"href":"https:\/\/arec.asso.fr\/index.php?rest_route=%2Fwp%2Fv2%2Fcomments&post=423"}],"version-history":[{"count":1,"href":"https:\/\/arec.asso.fr\/index.php?rest_route=\/wp\/v2\/pages\/423\/revisions"}],"predecessor-version":[{"id":426,"href":"https:\/\/arec.asso.fr\/index.php?rest_route=\/wp\/v2\/pages\/423\/revisions\/426"}],"up":[{"embeddable":true,"href":"https:\/\/arec.asso.fr\/index.php?rest_route=\/wp\/v2\/pages\/421"}],"wp:attachment":[{"href":"https:\/\/arec.asso.fr\/index.php?rest_route=%2Fwp%2Fv2%2Fmedia&parent=423"}],"curies":[{"name":"wp","href":"https:\/\/api.w.org\/{rel}","templated":true}]}}